{"id":2174,"date":"2022-12-07T14:51:58","date_gmt":"2022-12-07T14:51:58","guid":{"rendered":"https:\/\/nagel-verden.hdw-verden.de\/?page_id=2174"},"modified":"2023-01-25T10:34:12","modified_gmt":"2023-01-25T10:34:12","slug":"leistungen","status":"publish","type":"page","link":"https:\/\/www.nagel-verden.de\/?page_id=2174","title":{"rendered":"Leistungen"},"content":{"rendered":"<div id='layer_slider_1'  class='avia-layerslider main_color avia-shadow  avia-builder-el-0  el_before_av_section  avia-builder-el-first  container_wrap fullsize'  style='height: 501px; max-width: 2500px; margin: 0 auto;'  ><\/div>\n<div id='av_section_1'  class='avia-section av-81vcz2-a874470f48707f2efa598e2837015c2e main_color avia-section-default avia-no-border-styling  avia-builder-el-1  el_after_av_layerslider  avia-builder-el-last  avia-bg-style-scroll container_wrap fullsize'  ><div class='container av-section-cont-open' ><div class='template-page content  av-content-full alpha units'><div class='post-entry post-entry-type-page post-entry-2174'><div class='entry-content-wrapper clearfix'>\n<div  class='flex_column av-476066-3a80fb76cb76ebd2456b11941f9f1857 av_one_half  avia-builder-el-2  el_before_av_one_half  avia-builder-el-first  first flex_column_div  '     ><style type=\"text\/css\" data-created_by=\"avia_inline_auto\" id=\"style-css-av-lbdsecn9-e5de9bd96502b0616d34eddbb7b0d92f\">\n#top #wrap_all .iconbox.av-lbdsecn9-e5de9bd96502b0616d34eddbb7b0d92f .iconbox_content_title{\nfont-size:22px;\n}\n<\/style>\n<article  class='iconbox iconbox_top av-lbdsecn9-e5de9bd96502b0616d34eddbb7b0d92f  avia-builder-el-3  avia-builder-el-no-sibling  main_color'  itemscope=\"itemscope\" itemtype=\"https:\/\/schema.org\/CreativeWork\" ><div class=\"iconbox_content\"><header class=\"entry-content-header\" aria-label=\"Icon: Transporte\"><div class='iconbox_icon heading-color avia-iconfont avia-font-entypo-fontello' data-av_icon='\ue842' data-av_iconfont='entypo-fontello'  ><\/div><h3 class='iconbox_content_title '  itemprop=\"headline\" >Transporte<\/h3><\/header><div class='iconbox_content_container '  itemprop=\"text\" ><ul>\n<li style=\"text-align: left;\"><span style=\"color: #000000;\"><strong>Containertransporte von 20\u00b4bis 45\u00b4HC<br \/>\n<\/strong>Wir haben die M\u00f6glichkeit jede Containergr\u00f6\u00dfe zu bef\u00f6rdern<strong><br \/>\n<\/strong><\/span><\/li>\n<li style=\"text-align: left;\"><span style=\"color: #000000;\"><strong>K\u00fchlcontainer (Reefer)<br \/>\n<\/strong>Bef\u00f6rderung von G\u00fctern, bei jeder geforderten Temperatur<strong><br \/>\n<\/strong><\/span><\/li>\n<li style=\"text-align: left;\"><span style=\"color: #000000;\"><strong>Wochenendk\u00fchlung<br \/>\n<\/strong>Wir bieten Ihnen die M\u00f6glichkeit, einer transportbedingten Zwischenlagerung mit Anschluss der K\u00fchlcontainer<strong><br \/>\n<\/strong><\/span><\/li>\n<li style=\"text-align: left;\"><span style=\"color: #000000;\"><strong>Gefahrguttransporte (ADR)<br \/>\n<\/strong>Bef\u00f6rderung von Gefahrgut<strong><br \/>\n<\/strong><\/span><\/li>\n<li style=\"text-align: left;\"><span style=\"color: #000000;\"><strong>Schwere Container<br \/>\n<\/strong>Mit unseren Leicht-Equipment k\u00f6nnen wir auch schwere Container bef\u00f6rdern. Auch Reefer \u201eaktiv\u201c<strong><br \/>\n<\/strong><\/span><\/li>\n<li style=\"text-align: left;\"><span style=\"color: #000000;\"><strong>Flat-Rack Container<br \/>\n<\/strong>Bef\u00f6rderung von Flats innerhalb der STVO Richtlinien (in gauge)<strong><br \/>\n<\/strong><\/span><\/li>\n<li style=\"text-align: left;\"><span style=\"color: #000000;\"><strong>Tunnelsch\u00e4den am Container<br \/>\n<\/strong>Mit unseren Containerchassis sind wir in der Lage, auch Container mit Tunnelsch\u00e4den zu bef\u00f6rdern<strong><br \/>\n<\/strong><\/span><\/li>\n<li style=\"text-align: left;\"><span style=\"color: #000000;\"><strong>Eigener Fuhrpark<br \/>\n<\/strong>Fahren alles in Selbsteintritt, keine Subunternehmer oder Frachtenb\u00f6rsen<strong><br \/>\n<\/strong><\/span><\/li>\n<\/ul>\n<\/div><\/div><footer class=\"entry-footer\"><\/footer><\/article><\/div><div  class='flex_column av-5kg1wu-7ccbd36f2556bc37edd8256c41d996e7 av_one_half  avia-builder-el-4  el_after_av_one_half  el_before_av_one_full  flex_column_div  '     ><style type=\"text\/css\" data-created_by=\"avia_inline_auto\" id=\"style-css-av-lbdsizl2-4d9b9012e6fbdae22ee138fd8e79281f\">\n#top #wrap_all .iconbox.av-lbdsizl2-4d9b9012e6fbdae22ee138fd8e79281f .iconbox_content_title{\nfont-size:22px;\n}\n<\/style>\n<article  class='iconbox iconbox_top av-lbdsizl2-4d9b9012e6fbdae22ee138fd8e79281f  avia-builder-el-5  el_before_av_hr  avia-builder-el-first  main_color'  itemscope=\"itemscope\" itemtype=\"https:\/\/schema.org\/CreativeWork\" ><div class=\"iconbox_content\"><header class=\"entry-content-header\" aria-label=\"Icon: Werkstatt\"><div class='iconbox_icon heading-color avia-iconfont avia-font-entypo-fontello' data-av_icon='\ue855' data-av_iconfont='entypo-fontello'  ><\/div><h3 class='iconbox_content_title '  itemprop=\"headline\" >Werkstatt<\/h3><\/header><div class='iconbox_content_container '  itemprop=\"text\" ><ul>\n<li style=\"text-align: left;\"><span style=\"color: #000000;\"><strong>Fuhrpark<\/strong><\/span><br \/>\nReparatur von eigenen Fuhrpark \u00a0(LKW und Chassis)<\/li>\n<li style=\"text-align: left;\"><span style=\"color: #000000;\"><strong>Containerreparatur<\/strong><\/span><\/li>\n<li style=\"text-align: left;\"><span style=\"color: #000000;\"><strong>HU \/ SP<br \/>\n<\/strong><\/span>Eingetragene Dekra Station, Untersuchungen finden im eigene Unternehmen statt<\/li>\n<\/ul>\n<\/div><\/div><footer class=\"entry-footer\"><\/footer><\/article><br \/>\n\n<style type=\"text\/css\" data-created_by=\"avia_inline_auto\" id=\"style-css-av-lbw3sn9p-4ea493576ce35b5273bb0ea1e4c929ad\">\n#top .hr.hr-invisible.av-lbw3sn9p-4ea493576ce35b5273bb0ea1e4c929ad{\nheight:8px;\n}\n<\/style>\n<div  class='hr av-lbw3sn9p-4ea493576ce35b5273bb0ea1e4c929ad hr-invisible  avia-builder-el-6  el_after_av_icon_box  el_before_av_icon_box '><span class='hr-inner '><span class=\"hr-inner-style\"><\/span><\/span><\/div><br \/>\n\n<style type=\"text\/css\" data-created_by=\"avia_inline_auto\" id=\"style-css-av-lbdshzdh-1ac604e07aaf4c8c4fadaa4cb3d0e72c\">\n#top #wrap_all .iconbox.av-lbdshzdh-1ac604e07aaf4c8c4fadaa4cb3d0e72c .iconbox_content_title{\nfont-size:22px;\n}\n<\/style>\n<article  class='iconbox iconbox_top av-lbdshzdh-1ac604e07aaf4c8c4fadaa4cb3d0e72c  avia-builder-el-7  el_after_av_hr  avia-builder-el-last  main_color'  itemscope=\"itemscope\" itemtype=\"https:\/\/schema.org\/CreativeWork\" ><div class=\"iconbox_content\"><header class=\"entry-content-header\" aria-label=\"Icon: Weitere Leistungen\"><div class='iconbox_icon heading-color avia-iconfont avia-font-entypo-fontello' data-av_icon='\ue832' data-av_iconfont='entypo-fontello'  ><\/div><h3 class='iconbox_content_title '  itemprop=\"headline\" >Weitere Leistungen<\/h3><\/header><div class='iconbox_content_container '  itemprop=\"text\" ><ul>\n<li style=\"text-align: left;\"><strong>Containerlagerung<br \/>\n<\/strong>Wir k\u00f6nnen f\u00fcr Sie Container zwischenlagern, auch Reefer (plug in)<strong><br \/>\n<\/strong><\/li>\n<li style=\"text-align: left;\"><strong>Umsetzen von Containern jeder Art ( 20\u00b4bis 45\u00b4HC )<\/strong><\/li>\n<li style=\"text-align: left;\"><strong>Vernichtung<br \/>\n<\/strong>Transport, Entladung und sortieren von zu vernichtenden Waren<strong><br \/>\n<\/strong><\/li>\n<\/ul>\n<\/div><\/div><footer class=\"entry-footer\"><\/footer><\/article><\/p><\/div><div class='flex_column_table av-2l10y6-8c20b6fc81d21242d7589f93c66445e8 sc-av_one_full av-equal-height-column-flextable'>\n<style type=\"text\/css\" data-created_by=\"avia_inline_auto\" id=\"style-css-av-2l10y6-8c20b6fc81d21242d7589f93c66445e8\">\n.flex_column.av-2l10y6-8c20b6fc81d21242d7589f93c66445e8{\nwidth:100%;\nmargin-left:0;\n}\n#top .flex_column_table.av-equal-height-column-flextable.av-2l10y6-8c20b6fc81d21242d7589f93c66445e8 .av-flex-placeholder{\nwidth:0%;\n}\n<\/style>\n<div  class='flex_column av-2l10y6-8c20b6fc81d21242d7589f93c66445e8 av_one_full  avia-builder-el-8  el_after_av_one_half  avia-builder-el-last  first flex_column_table_cell av-equal-height-column av-align-top  column-top-margin'     ><p><div  class='avia-button-wrap av-lbw41yoi-310d6b4344e31fbfb807de856a992437-wrap avia-button-left  avia-builder-el-9  el_before_av_button  avia-builder-el-first '>\n<style type=\"text\/css\" data-created_by=\"avia_inline_auto\" id=\"style-css-av-lbw41yoi-310d6b4344e31fbfb807de856a992437\">\n#top #wrap_all .avia-button.av-lbw41yoi-310d6b4344e31fbfb807de856a992437:hover{\nopacity:0.7;\ntransition:all 0.4s ease-in-out;\n}\n<\/style>\n<a href='https:\/\/www.nagel-verden.de\/wp-content\/uploads\/2022\/12\/Abfall-Befoerderungserlaubnis-ab-2017.pdf'  class='avia-button av-lbw41yoi-310d6b4344e31fbfb807de856a992437 av-link-btn avia-icon_select-yes-right-icon avia-size-small avia-position-left av-icon-on-hover avia-color-theme-color'  target=\"_blank\"  rel=\"noopener noreferrer\"  aria-label=\"Abfall Befo\u0308rderungserlaubnis ab 2017 \"><span class='avia_iconbox_title' >Abfall Befo\u0308rderungserlaubnis ab 2017 <\/span><span class='avia_button_icon avia_button_icon_right avia-iconfont avia-font-entypo-fontello' data-av_icon='\ue82d' data-av_iconfont='entypo-fontello' ><\/span><\/a><\/div><br \/>\n<div  class='avia-button-wrap av-lbw468d6-2e0b999c651784ed1c27a56b6f7872bc-wrap avia-button-left  avia-builder-el-10  el_after_av_button  el_before_av_button '>\n<style type=\"text\/css\" data-created_by=\"avia_inline_auto\" id=\"style-css-av-lbw468d6-2e0b999c651784ed1c27a56b6f7872bc\">\n#top #wrap_all .avia-button.av-lbw468d6-2e0b999c651784ed1c27a56b6f7872bc:hover{\nopacity:0.7;\ntransition:all 0.4s ease-in-out;\n}\n<\/style>\n<a href='https:\/\/www.nagel-verden.de\/wp-content\/uploads\/2022\/12\/Befoerdererlaubnis-Niederlande-Kat3.pdf'  class='avia-button av-lbw468d6-2e0b999c651784ed1c27a56b6f7872bc av-link-btn avia-icon_select-yes-right-icon avia-size-small avia-position-left av-icon-on-hover avia-color-theme-color'  target=\"_blank\"  rel=\"noopener noreferrer\"  aria-label=\"Befo\u0308rdererlaubnis Niederlande + Kat3 \"><span class='avia_iconbox_title' >Befo\u0308rdererlaubnis Niederlande + Kat3 <\/span><span class='avia_button_icon avia_button_icon_right avia-iconfont avia-font-entypo-fontello' data-av_icon='\ue82d' data-av_iconfont='entypo-fontello' ><\/span><\/a><\/div><br \/>\n<div  class='avia-button-wrap av-lbw46q64-331aac2e74d175b68be1fe9cd4be40e4-wrap avia-button-left  avia-builder-el-11  el_after_av_button  el_before_av_button '>\n<style type=\"text\/css\" data-created_by=\"avia_inline_auto\" id=\"style-css-av-lbw46q64-331aac2e74d175b68be1fe9cd4be40e4\">\n#top #wrap_all .avia-button.av-lbw46q64-331aac2e74d175b68be1fe9cd4be40e4:hover{\nopacity:0.7;\ntransition:all 0.4s ease-in-out;\n}\n<\/style>\n<a href='https:\/\/www.nagel-verden.de\/wp-content\/uploads\/2022\/12\/EU-Lizenz.pdf'  class='avia-button av-lbw46q64-331aac2e74d175b68be1fe9cd4be40e4 av-link-btn avia-icon_select-yes-right-icon avia-size-small avia-position-left av-icon-on-hover avia-color-theme-color'  target=\"_blank\"  rel=\"noopener noreferrer\"  aria-label=\"EU Lizenz \"><span class='avia_iconbox_title' >EU Lizenz <\/span><span class='avia_button_icon avia_button_icon_right avia-iconfont avia-font-entypo-fontello' data-av_icon='\ue82d' data-av_iconfont='entypo-fontello' ><\/span><\/a><\/div><br \/>\n<div  class='avia-button-wrap av-lbw47aix-6f05a5b930095e14562bbc604f66206e-wrap avia-button-left  avia-builder-el-12  el_after_av_button  el_before_av_button '>\n<style type=\"text\/css\" data-created_by=\"avia_inline_auto\" id=\"style-css-av-lbw47aix-6f05a5b930095e14562bbc604f66206e\">\n#top #wrap_all .avia-button.av-lbw47aix-6f05a5b930095e14562bbc604f66206e:hover{\nopacity:0.7;\ntransition:all 0.4s ease-in-out;\n}\n<\/style>\n<a href='https:\/\/www.nagel-verden.de\/wp-content\/uploads\/2022\/12\/Futtermittelhygieneverordnung.pdf'  class='avia-button av-lbw47aix-6f05a5b930095e14562bbc604f66206e av-link-btn avia-icon_select-yes-right-icon avia-size-small avia-position-left av-icon-on-hover avia-color-theme-color'  target=\"_blank\"  rel=\"noopener noreferrer\"  aria-label=\"Futtermittelhygieneverordnung \"><span class='avia_iconbox_title' >Futtermittelhygieneverordnung <\/span><span class='avia_button_icon avia_button_icon_right avia-iconfont avia-font-entypo-fontello' data-av_icon='\ue82d' data-av_iconfont='entypo-fontello' ><\/span><\/a><\/div><br \/>\n<div  class='avia-button-wrap av-lbw47t9z-abf197ba4bbb97ef1ea88d6f4c8c9a07-wrap avia-button-left  avia-builder-el-13  el_after_av_button  el_before_av_button '>\n<style type=\"text\/css\" data-created_by=\"avia_inline_auto\" id=\"style-css-av-lbw47t9z-abf197ba4bbb97ef1ea88d6f4c8c9a07\">\n#top #wrap_all .avia-button.av-lbw47t9z-abf197ba4bbb97ef1ea88d6f4c8c9a07:hover{\nopacity:0.7;\ntransition:all 0.4s ease-in-out;\n}\n<\/style>\n<a href='https:\/\/www.nagel-verden.de\/wp-content\/uploads\/2022\/12\/KAT-II-Genehmigung.pdf'  class='avia-button av-lbw47t9z-abf197ba4bbb97ef1ea88d6f4c8c9a07 av-link-btn avia-icon_select-yes-right-icon avia-size-small avia-position-left av-icon-on-hover avia-color-theme-color'  target=\"_blank\"  rel=\"noopener noreferrer\"  aria-label=\"KAT II Genehmigung\"><span class='avia_iconbox_title' >KAT II Genehmigung<\/span><span class='avia_button_icon avia_button_icon_right avia-iconfont avia-font-entypo-fontello' data-av_icon='\ue82d' data-av_iconfont='entypo-fontello' ><\/span><\/a><\/div><br \/>\n<div  class='avia-button-wrap av-lbw48h3n-2f39d02f6b5e263035c3bfc3474d8700-wrap avia-button-left  avia-builder-el-14  el_after_av_button  el_before_av_button '>\n<style type=\"text\/css\" data-created_by=\"avia_inline_auto\" id=\"style-css-av-lbw48h3n-2f39d02f6b5e263035c3bfc3474d8700\">\n#top #wrap_all .avia-button.av-lbw48h3n-2f39d02f6b5e263035c3bfc3474d8700:hover{\nopacity:0.7;\ntransition:all 0.4s ease-in-out;\n}\n<\/style>\n<a href='https:\/\/www.nagel-verden.de\/wp-content\/uploads\/2022\/12\/KAT-III-Genehmigung.pdf'  class='avia-button av-lbw48h3n-2f39d02f6b5e263035c3bfc3474d8700 av-link-btn avia-icon_select-yes-right-icon avia-size-small avia-position-left av-icon-on-hover avia-color-theme-color'  target=\"_blank\"  rel=\"noopener noreferrer\"  aria-label=\"KAT III Genehmigung \"><span class='avia_iconbox_title' >KAT III Genehmigung <\/span><span class='avia_button_icon avia_button_icon_right avia-iconfont avia-font-entypo-fontello' data-av_icon='\ue82d' data-av_iconfont='entypo-fontello' ><\/span><\/a><\/div><br \/>\n<div  class='avia-button-wrap av-lbw492q4-94ee8e2b19f7464aca90c0305b8b804d-wrap avia-button-left  avia-builder-el-15  el_after_av_button  avia-builder-el-last '>\n<style type=\"text\/css\" data-created_by=\"avia_inline_auto\" id=\"style-css-av-lbw492q4-94ee8e2b19f7464aca90c0305b8b804d\">\n#top #wrap_all .avia-button.av-lbw492q4-94ee8e2b19f7464aca90c0305b8b804d:hover{\nopacity:0.7;\ntransition:all 0.4s ease-in-out;\n}\n<\/style>\n<a href='https:\/\/www.nagel-verden.de\/wp-content\/uploads\/2022\/12\/Zertifikat-IFS-2022-2023.pdf'  class='avia-button av-lbw492q4-94ee8e2b19f7464aca90c0305b8b804d av-link-btn avia-icon_select-yes-right-icon avia-size-small avia-position-left av-icon-on-hover avia-color-theme-color'  target=\"_blank\"  rel=\"noopener noreferrer\"  aria-label=\"Zertifikat IFS 2022 2023 \"><span class='avia_iconbox_title' >Zertifikat IFS 2022 2023 <\/span><span class='avia_button_icon avia_button_icon_right avia-iconfont avia-font-entypo-fontello' data-av_icon='\ue82d' data-av_iconfont='entypo-fontello' ><\/span><\/a><\/div><\/p><\/div><\/div><!--close column table wrapper. Autoclose: 1 -->\n","protected":false},"excerpt":{"rendered":"","protected":false},"author":1,"featured_media":0,"parent":0,"menu_order":0,"comment_status":"closed","ping_status":"closed","template":"","meta":{"footnotes":""},"class_list":["post-2174","page","type-page","status-publish","hentry"],"yoast_head":"<!-- This site is optimized with the Yoast SEO plugin v27.5 - https:\/\/yoast.com\/product\/yoast-seo-wordpress\/ -->\n<title>Leistungen &#8211; Nagel-Verden<\/title>\n<meta name=\"robots\" content=\"index, follow, max-snippet:-1, max-image-preview:large, max-video-preview:-1\" \/>\n<link rel=\"canonical\" href=\"https:\/\/www.nagel-verden.de\/?page_id=2174\" \/>\n<meta property=\"og:locale\" content=\"de_DE\" \/>\n<meta property=\"og:type\" content=\"article\" \/>\n<meta property=\"og:title\" content=\"Leistungen &#8211; Nagel-Verden\" \/>\n<meta property=\"og:url\" content=\"https:\/\/www.nagel-verden.de\/?page_id=2174\" \/>\n<meta property=\"og:site_name\" content=\"Nagel-Verden\" \/>\n<meta property=\"article:modified_time\" content=\"2023-01-25T10:34:12+00:00\" \/>\n<meta property=\"og:image\" content=\"https:\/\/www.nagel-verden.de\/wp-content\/uploads\/2022\/12\/Logo_2.png\" \/>\n\t<meta property=\"og:image:width\" content=\"1189\" \/>\n\t<meta property=\"og:image:height\" content=\"506\" \/>\n\t<meta property=\"og:image:type\" content=\"image\/png\" \/>\n<meta name=\"twitter:card\" content=\"summary_large_image\" \/>\n<meta name=\"twitter:label1\" content=\"Gesch\u00e4tzte Lesezeit\" \/>\n\t<meta name=\"twitter:data1\" content=\"22\u00a0Minuten\" \/>\n<script type=\"application\/ld+json\" class=\"yoast-schema-graph\">{\"@context\":\"https:\\\/\\\/schema.org\",\"@graph\":[{\"@type\":\"WebPage\",\"@id\":\"https:\\\/\\\/www.nagel-verden.de\\\/?page_id=2174\",\"url\":\"https:\\\/\\\/www.nagel-verden.de\\\/?page_id=2174\",\"name\":\"Leistungen &#8211; Nagel-Verden\",\"isPartOf\":{\"@id\":\"https:\\\/\\\/www.nagel-verden.de\\\/#website\"},\"datePublished\":\"2022-12-07T14:51:58+00:00\",\"dateModified\":\"2023-01-25T10:34:12+00:00\",\"breadcrumb\":{\"@id\":\"https:\\\/\\\/www.nagel-verden.de\\\/?page_id=2174#breadcrumb\"},\"inLanguage\":\"de\",\"potentialAction\":[{\"@type\":\"ReadAction\",\"target\":[\"https:\\\/\\\/www.nagel-verden.de\\\/?page_id=2174\"]}]},{\"@type\":\"BreadcrumbList\",\"@id\":\"https:\\\/\\\/www.nagel-verden.de\\\/?page_id=2174#breadcrumb\",\"itemListElement\":[{\"@type\":\"ListItem\",\"position\":1,\"name\":\"Startseite\",\"item\":\"https:\\\/\\\/www.nagel-verden.de\\\/?page_id=2009\"},{\"@type\":\"ListItem\",\"position\":2,\"name\":\"Leistungen\"}]},{\"@type\":\"WebSite\",\"@id\":\"https:\\\/\\\/www.nagel-verden.de\\\/#website\",\"url\":\"https:\\\/\\\/www.nagel-verden.de\\\/\",\"name\":\"Nagel-Verden\",\"description\":\"\",\"publisher\":{\"@id\":\"https:\\\/\\\/www.nagel-verden.de\\\/#organization\"},\"potentialAction\":[{\"@type\":\"SearchAction\",\"target\":{\"@type\":\"EntryPoint\",\"urlTemplate\":\"https:\\\/\\\/www.nagel-verden.de\\\/?s={search_term_string}\"},\"query-input\":{\"@type\":\"PropertyValueSpecification\",\"valueRequired\":true,\"valueName\":\"search_term_string\"}}],\"inLanguage\":\"de\"},{\"@type\":\"Organization\",\"@id\":\"https:\\\/\\\/www.nagel-verden.de\\\/#organization\",\"name\":\"Nagel-Verden Transportgesellschaft mbH\",\"url\":\"https:\\\/\\\/www.nagel-verden.de\\\/\",\"logo\":{\"@type\":\"ImageObject\",\"inLanguage\":\"de\",\"@id\":\"https:\\\/\\\/www.nagel-verden.de\\\/#\\\/schema\\\/logo\\\/image\\\/\",\"url\":\"https:\\\/\\\/www.nagel-verden.de\\\/wp-content\\\/uploads\\\/2022\\\/12\\\/Favicon.svg\",\"contentUrl\":\"https:\\\/\\\/www.nagel-verden.de\\\/wp-content\\\/uploads\\\/2022\\\/12\\\/Favicon.svg\",\"width\":1,\"height\":1,\"caption\":\"Nagel-Verden Transportgesellschaft mbH\"},\"image\":{\"@id\":\"https:\\\/\\\/www.nagel-verden.de\\\/#\\\/schema\\\/logo\\\/image\\\/\"}}]}<\/script>\n<!-- \/ Yoast SEO plugin. -->","yoast_head_json":{"title":"Leistungen &#8211; Nagel-Verden","robots":{"index":"index","follow":"follow","max-snippet":"max-snippet:-1","max-image-preview":"max-image-preview:large","max-video-preview":"max-video-preview:-1"},"canonical":"https:\/\/www.nagel-verden.de\/?page_id=2174","og_locale":"de_DE","og_type":"article","og_title":"Leistungen &#8211; Nagel-Verden","og_url":"https:\/\/www.nagel-verden.de\/?page_id=2174","og_site_name":"Nagel-Verden","article_modified_time":"2023-01-25T10:34:12+00:00","og_image":[{"width":1189,"height":506,"url":"https:\/\/www.nagel-verden.de\/wp-content\/uploads\/2022\/12\/Logo_2.png","type":"image\/png"}],"twitter_card":"summary_large_image","twitter_misc":{"Gesch\u00e4tzte Lesezeit":"22\u00a0Minuten"},"schema":{"@context":"https:\/\/schema.org","@graph":[{"@type":"WebPage","@id":"https:\/\/www.nagel-verden.de\/?page_id=2174","url":"https:\/\/www.nagel-verden.de\/?page_id=2174","name":"Leistungen &#8211; Nagel-Verden","isPartOf":{"@id":"https:\/\/www.nagel-verden.de\/#website"},"datePublished":"2022-12-07T14:51:58+00:00","dateModified":"2023-01-25T10:34:12+00:00","breadcrumb":{"@id":"https:\/\/www.nagel-verden.de\/?page_id=2174#breadcrumb"},"inLanguage":"de","potentialAction":[{"@type":"ReadAction","target":["https:\/\/www.nagel-verden.de\/?page_id=2174"]}]},{"@type":"BreadcrumbList","@id":"https:\/\/www.nagel-verden.de\/?page_id=2174#breadcrumb","itemListElement":[{"@type":"ListItem","position":1,"name":"Startseite","item":"https:\/\/www.nagel-verden.de\/?page_id=2009"},{"@type":"ListItem","position":2,"name":"Leistungen"}]},{"@type":"WebSite","@id":"https:\/\/www.nagel-verden.de\/#website","url":"https:\/\/www.nagel-verden.de\/","name":"Nagel-Verden","description":"","publisher":{"@id":"https:\/\/www.nagel-verden.de\/#organization"},"potentialAction":[{"@type":"SearchAction","target":{"@type":"EntryPoint","urlTemplate":"https:\/\/www.nagel-verden.de\/?s={search_term_string}"},"query-input":{"@type":"PropertyValueSpecification","valueRequired":true,"valueName":"search_term_string"}}],"inLanguage":"de"},{"@type":"Organization","@id":"https:\/\/www.nagel-verden.de\/#organization","name":"Nagel-Verden Transportgesellschaft mbH","url":"https:\/\/www.nagel-verden.de\/","logo":{"@type":"ImageObject","inLanguage":"de","@id":"https:\/\/www.nagel-verden.de\/#\/schema\/logo\/image\/","url":"https:\/\/www.nagel-verden.de\/wp-content\/uploads\/2022\/12\/Favicon.svg","contentUrl":"https:\/\/www.nagel-verden.de\/wp-content\/uploads\/2022\/12\/Favicon.svg","width":1,"height":1,"caption":"Nagel-Verden Transportgesellschaft mbH"},"image":{"@id":"https:\/\/www.nagel-verden.de\/#\/schema\/logo\/image\/"}}]}},"_links":{"self":[{"href":"https:\/\/www.nagel-verden.de\/index.php?rest_route=\/wp\/v2\/pages\/2174","targetHints":{"allow":["GET"]}}],"collection":[{"href":"https:\/\/www.nagel-verden.de\/index.php?rest_route=\/wp\/v2\/pages"}],"about":[{"href":"https:\/\/www.nagel-verden.de\/index.php?rest_route=\/wp\/v2\/types\/page"}],"author":[{"embeddable":true,"href":"https:\/\/www.nagel-verden.de\/index.php?rest_route=\/wp\/v2\/users\/1"}],"replies":[{"embeddable":true,"href":"https:\/\/www.nagel-verden.de\/index.php?rest_route=%2Fwp%2Fv2%2Fcomments&post=2174"}],"version-history":[{"count":28,"href":"https:\/\/www.nagel-verden.de\/index.php?rest_route=\/wp\/v2\/pages\/2174\/revisions"}],"predecessor-version":[{"id":2441,"href":"https:\/\/www.nagel-verden.de\/index.php?rest_route=\/wp\/v2\/pages\/2174\/revisions\/2441"}],"wp:attachment":[{"href":"https:\/\/www.nagel-verden.de\/index.php?rest_route=%2Fwp%2Fv2%2Fmedia&parent=2174"}],"curies":[{"name":"wp","href":"https:\/\/api.w.org\/{rel}","templated":true}]}}